{"id":20,"date":"2025-02-18T16:27:25","date_gmt":"2025-02-18T15:27:25","guid":{"rendered":"https:\/\/wahrnehmungsbericht.aekwien.at\/2024\/?page_id=20"},"modified":"2025-03-24T14:31:17","modified_gmt":"2025-03-24T13:31:17","slug":"impressum","status":"publish","type":"page","link":"https:\/\/wahrnehmungsbericht.aekwien.at\/2024\/impressum\/","title":{"rendered":"Impressum"},"content":{"rendered":"\n<h2 class=\"wp-block-heading\"><br><\/h2>\n\n\n\n<h1 class=\"wp-block-heading has-text-align-center\">IMPRESSUM<\/h1>\n\n\n\n<h2 class=\"wp-block-heading\">Rechtshinweis \u2013 Privacy<\/h2>\n\n\n\n<h6 class=\"wp-block-heading\"><br><strong>Medieninhaber und Herausgeber&nbsp;<\/strong><\/h6>\n\n\n\n<p>\u00c4rztekammer f\u00fcr Wien<br>K\u00f6rperschaft des \u00f6ffentlichen Rechts<br>A-1010 Wien, Weihburggasse 10-12<\/p>\n\n\n\n<p>Tel.: +43 1 51501-0<br>Fax: +43 1 51501-1209<br>E-Mail:&nbsp;<a href=\"mailto:aekwien@aekwien.at\">aekwien@aekwien.at<\/a><\/p>\n\n\n\n<p>Vertreten durch<br>\u00c4rztekammer f\u00fcr Wien\u2028<br>K\u00f6rperschaft des \u00f6ffentlichen Rechts<\/p>\n\n\n\n<p>Vertreten durch<br>Pr\u00e4sident OMR Dr. Johannes Steinhart<br>E-Mail: <a href=\"mailto:steinhart@aekwien.at\">steinhart@aekwien.at<\/a><\/p>\n\n\n\n<p>Aufsichtsbeh\u00f6rde\u2028<br>Die \u00c4rztekammer f\u00fcr Wien unterliegt der Aufsicht des Landes Wien<br><\/p>\n\n\n\n<h6 class=\"wp-block-heading\"><br><strong>Allgemeines<\/strong><\/h6>\n\n\n\n<p>Durch den Besuch der Web-Site der \u00c4rztekammer f\u00fcr Wien anerkennen Sie diese Rechtsausf\u00fchrungen als f\u00fcr Sie verbindlich.<\/p>\n\n\n\n<h6 class=\"wp-block-heading\"><br><strong>Zitierungsregeln<\/strong><\/h6>\n\n\n\n<p>F\u00fcr die Nutzer unserer Website gilt, dass eine Benutzung von Dokumenten und Informationen dieser Website nur unter wortgetreuer Zitierung und exakter Angabe der Quelle oder des (Hyper-)Links zul\u00e4ssig ist.<\/p>\n\n\n\n<h6 class=\"wp-block-heading\"><br><strong>Linkhaftung und Link-Policy<\/strong><\/h6>\n\n\n\n<p class=\"has-link-color wp-elements-ca3d3c3d2efe6867cb69bd2d0f941d7f\">F\u00fcr die Inhalte der gelinkten oder in Zitaten und Texten vorkommenden Websites \u00fcbernehmen wir keine Haftung. Die \u00c4rztekammer f\u00fcr Wien hat keine Kontrolle \u00fcber die Inhalte dieser externen Websites. Wir erkl\u00e4ren ausdr\u00fccklich, uns die Inhalte der verlinkten Websites nicht zu eigen machen zu wollen. Sollten Sie als Betreiber einer Website mit dem von uns gesetzten Link auf Ihre Website nicht einverstanden sein, kontaktieren Sie bitte unseren Webmaster. Wir freuen uns, dass Sie auf unsere Website verlinken wollen und sind unter den folgenden Bedingungen damit einverstanden: Links d\u00fcrfen ausschlie\u00dflich auf die Startseite unserer Website <a href=\"http:\/\/www.aekwien.at\" data-type=\"link\" data-id=\"www.aekwien.at\">www.aekwien.at<\/a> bzw. auf <a href=\"http:\/\/www.aerzteball.at\" data-type=\"link\" data-id=\"www.aerzteball.at\">www.aerzteball.at<\/a>, <a href=\"http:\/\/www.aerzteclub.at\" data-type=\"link\" data-id=\"www.aerzteclub.at\">www.aerzteclub.at<\/a>, <a href=\"http:\/\/www.arztfortbildung.at\" data-type=\"link\" data-id=\"www.arztfortbildung.at\">www.arztfortbildung.at<\/a>, <a href=\"http:\/\/www.arztnews.at\" data-type=\"link\" data-id=\"www.arztnews.at\">www.arztnews.at<\/a>, <a href=\"http:\/\/www.doktorinwien.at\" data-type=\"link\" data-id=\"www.doktorinwien.at\">www.doktorinwien.at<\/a>, <a href=\"http:\/\/www.gesundheitsnetzwien.at\" data-type=\"link\" data-id=\"www.gesundheitsnetzwien.at\">www.gesundheitsnetzwien.at<\/a>, <a href=\"http:\/\/www.praxisplan.at\" data-type=\"link\" data-id=\"www.praxisplan.at\">www.praxisplan.at<\/a>, nicht aber auf untergeordnete Seiten gesetzt werden (kein Deep-Linking). Der Link-Setzer ist verpflichtet, die Seite in einem eigenen Frameset neu darzustellen und darf diese nicht in die eigene Seite eingebettet darstellen (kein Framing) Der Webmaster dieser Seite ist binnen 24 Stunden nach Setzen des Links auf unsere Seite von der Linksetzung unter Angabe des genauen Pfads der Seite, auf der sich der Link befindet per E-Mail unter <a href=\"mailto:internet@aekwien.at\">internet@aekwien.at<\/a> zu verst\u00e4ndigen. Die oben dargestellte Erlaubnis zur Linksetzung kann von uns jederzeit widerrufen werden.<\/p>\n\n\n\n<p><br>Ausschluss von Gew\u00e4hrung und Haftung<\/p>\n\n\n\n<p>Die \u00c4rztekammer f\u00fcr Wien hat alle zumutbaren Anstrengungen unternommen, um sicherzustellen, dass die auf dieser Website bereitgestellten Informationen zur Zeit der Bereitstellung richtig und vollst\u00e4ndig sind. Dennoch kann es zu unbeabsichtigten und zuf\u00e4lligen Fehlern gekommen sein, f\u00fcr die wir uns entschuldigen. Die \u00c4rztekammer f\u00fcr Wien macht keine Zusicherungen und \u00fcbernimmt keine Gew\u00e4hrleistungen oder Garantien f\u00fcr die auf dieser Website zur Verf\u00fcgung gestellten Informationen, wie z. B. (Hyper-)Links oder andere Inhalte, die entweder direkt oder indirekt von der Website der \u00c4rztekammer f\u00fcr Wien verwendet werden oder von dieser abrufbar sind. Auch beh\u00e4lt sich die \u00c4rztekammer f\u00fcr Wien das Recht vor, \u00c4nderungen oder Erg\u00e4nzungen der bereitgestellten Informationen ohne vorherige Ank\u00fcndigung vorzunehmen. Die \u00c4rztekammer f\u00fcr Wien haftet nicht f\u00fcr unrichtige oder fehlende Informationen auf der Website der \u00c4rztekammer f\u00fcr Wien, und daher liegen alle Entscheidungen, die auf den auf der Website der \u00c4rztekammer f\u00fcr Wien bereitgestellten Informationen beruhen, einzig und allein im Verantwortungsbereich des Benutzers.<br><br>Namentlich zitierte Texte geben die Meinung des Verfassers wieder, die nicht mit unserer Meinung deckungsgleich sein muss. F\u00fcr Datenangaben wird keine Gew\u00e4hr \u00fcbernommen. Derartige Angaben m\u00fcssen vom Nutzer im Einzelfall an Hand anderer verbindlicher Quellen auf ihre Richtigkeit gepr\u00fcft werden. Die \u00c4rztekammer f\u00fcr Wien haftet insbesondere nicht f\u00fcr unmittelbare, konkrete Sch\u00e4den oder Folgesch\u00e4den, oder sonstige Sch\u00e4den jeglicher Art, die aus welchem Grund auch immer im Zusammenhang mit dem indirekten oder direkten Gebrauch der auf der Website der \u00c4rztekammer f\u00fcr Wien bereitgestellten Informationen, einschlie\u00dflich (Hyper-)Links entstehen. Die \u00c4rztekammer f\u00fcr Wien \u00fcbernimmt keine Gew\u00e4hrleistung oder Garantie daf\u00fcr, dass die Website der \u00c4rztekammer f\u00fcr Wien oder ihre Inhalte ohne Unterbrechung oder \u00fcberhaupt zur Verf\u00fcgung stehen, fehlerfrei sind oder Fehler behoben werden, ebenso wenig wie daf\u00fcr, dass die Website der \u00c4rztekammer f\u00fcr Wien oder Hilfsmittel (wie z. B. Server) frei von Viren oder anderen gef\u00e4hrlichen Bestandteilen sind. Die \u00c4rztekammer f\u00fcr Wien schlie\u00dft jegliche Haftung f\u00fcr Sch\u00e4den, welcher Art auch immer, aus der Bereitstellung der Website der \u00c4rztekammer f\u00fcr Wien oder der Hilfsmittel, ausdr\u00fccklich aus, soweit dies gesetzlich zul\u00e4ssig ist.<\/p>\n\n\n\n<h6 class=\"wp-block-heading\"><br><strong>Schutzrechte<\/strong><\/h6>\n\n\n\n<p>Sofern nicht anders angegeben, liegt das Urheberrecht aller auf der Website der \u00c4rztekammer f\u00fcr Wien bereitgestellten Dokumente und der daf\u00fcr verwendeten Materialien ausschlie\u00dflich bei der \u00c4rztekammer f\u00fcr Wien. Bez\u00fcglich aller Rechte (z. B. Eigentum, gewerbliche Schutzrechte, Urheberrecht) wird niemandem eine Lizenz oder ein sonstiges Recht einger\u00e4umt. Die Vervielf\u00e4ltigung der Dokumente ist nur f\u00fcr den pers\u00f6nlichen und informativen Gebrauch gestattet und jede sonstige Vervielf\u00e4ltigung oder jeder sonstige Gebrauch ist ausdr\u00fccklich untersagt. Die Verwendung von Kennzeichen (z. B. Logos) ist ausdr\u00fccklich untersagt. Alle vorstehenden Regelungen gelten auch f\u00fcr Software, die direkt oder indirekt von der Website der \u00c4rztekammer f\u00fcr Wien abgerufen oder verwendet werden kann. Soweit \u00fcber (Hyper-)Links auf Software Dritter zugegriffen wird, gelten die Regelungen dieses Anbieters und sind dessen Rechte zu beachten.<\/p>\n\n\n\n<h6 class=\"wp-block-heading\"><br><strong>Gerichtsstand und anwendbares Recht<\/strong><\/h6>\n\n\n\n<p>F\u00fcr alle Streitigkeiten, die sich aus der Nutzung dieser Website ergeben, wird als Gerichtsstand das sachlich zust\u00e4ndige Gericht in Wien vereinbart. Es gilt \u00f6sterreichisches Recht.<\/p>\n\n\n\n<h6 class=\"wp-block-heading\"><br><strong>Offenlegung gem\u00e4\u00df \u00a7 25&nbsp;Mediengesetz<\/strong><\/h6>\n\n\n\n<p>Verleger und Hersteller: \u00c4rztekammer f\u00fcr Wien, Wien<\/p>\n\n\n\n<h6 class=\"wp-block-heading\"><br><strong>Datenschutzbeauftragter gem\u00e4\u00df Art.37 DSGVO<\/strong><\/h6>\n\n\n\n<p class=\"has-link-color wp-elements-8128b4e505e7c6135a794cf67767722b\">Der von der \u00c4rztekammer f\u00fcr Wien bestellte Datenschutzbeauftragte ist unter <a href=\"mailto:datenschutzbeauftragter@aekwien.at\">datenschutzbeauftragter@aekwien.at <\/a>erreichbar.<\/p>\n\n\n\n<h6 class=\"wp-block-heading\"><br><strong>Fotocredits<\/strong><\/h6>\n\n\n\n<p>Kammer f\u00fcr \u00c4rztinnen und \u00c4rzte in Wien, Stefan Seelig, Oliver Topf, Anna Rauchenberger, Alexander Tanasic, Katharina F.-Ro\u00dfboth, MedUni Wien, Parlamentsdirektion_Mike Ranz, Rechnungshof \u00d6sterreich- Klaus Vyhnalek, pexels, pixabay<\/p>\n\n\n\n<h2 class=\"wp-block-heading\"><br><br>Datenschutz<\/h2>\n\n\n\n<h6 class=\"wp-block-heading\"><strong>Datenschutzerkl\u00e4rung (Information gem\u00e4\u00df Art. 13 und 14 DSGVO)<\/strong><\/h6>\n\n\n\n<p>Wir, die \u00c4rztekammer f\u00fcr Wien (in dieser Datenschutzerkl\u00e4rung auch kurz \u201e\u00c4rztekammer Wien\u201c oder \u201ewir\u201c genannt), sind den Prinzipien des Schutzes personenbezogener Daten und der Datenminimierung verpflichtet. Die Nutzung unseres Webauftritts sowie unsere Dienstleistungen sind regelm\u00e4\u00dfig mit der Verarbeitung personenbezogener Daten verbunden. Um diese Datenverarbeitungen nachvollziehbar zu machen, m\u00f6chten wir Sie in unserer Datenschutzerkl\u00e4rung dar\u00fcber informieren, wie wir personenbezogene Daten verarbeiten und welche Rechte Sie in diesem Zusammenhang haben.<\/p>\n\n\n\n<h6 class=\"wp-block-heading\"><br><strong>1. Wer wir sind und wie Sie uns bei Fragen erreichen k\u00f6nnen<\/strong><\/h6>\n\n\n\n<p>Der Verantwortliche im Sinne der Datenschutz-Grundverordnung (DSGVO) ist die:<\/p>\n\n\n\n<p class=\"has-link-color wp-elements-6b4185a14a468e23115185920031b021\">\u00c4rztekammer f\u00fcr Wien<br>K\u00f6rperschaft des \u00f6ffentlichen Rechts<br>A-1010 Wien, Weihburggasse 10-12<br>Tel.: +43 1 51501-0<br>Fax: +43 1 51501-1209<br>E-Mail:&nbsp;<a href=\"mailto:aekwien@aekwien.at\">aekwien@aekwien.at<\/a><\/p>\n\n\n\n<p class=\"has-link-color wp-elements-0ba64e8d5f4dec68ccade5e75c104167\">Den Datenschutzbeauftragten erreichen Sie unter <a href=\"mailto:datenschutzbeauftragter@aekwien.at\">datenschutzbeauftragter@aekwien.at<\/a>.<\/p>\n\n\n\n<h6 class=\"wp-block-heading\"><br><strong>2. Allgemeines zu unseren Datenverarbeitungen<\/strong><\/h6>\n\n\n\n<p>Wir verarbeiten personenbezogene Daten unter Einhaltung der einschl\u00e4gigen Datenschutzvorschriften, insbesondere der Datenschutz-Grundverordnung (DSGVO, VO [EU] 2016\/679) und des \u00f6sterreichischen Datenschutzgesetzes (DSG). Eine Verarbeitung durch uns findet somit nur auf Basis einer Rechtsgrundlage (insbesondere gem\u00e4\u00df Art 6 Abs 1 lit a \u2013 f DSGVO) statt, die im Folgenden bei den einzelnen Datenverarbeitungen angegeben wird. Alle unsere mit der Verarbeitung betrauten MitarbeiterInnen sind verpflichtet, die Vertraulichkeit Ihrer Daten zu wahren (Datengeheimnis). Die \u00c4rztekammer Wien f\u00fchrt keine automatisierte Entscheidungsfindung durch.<\/p>\n\n\n\n<p>Grunds\u00e4tzlich erheben wir personenbezogene Daten bei der betroffenen Person. Im Einzelfall erheben und speichern wir personenbezogene Daten (insbesondere Name, Kontaktinformationen) aufgrund von Korrespondenz mit unseren Mitgliedern und Partnern oder aus \u00f6ffentlich zug\u00e4nglichen Quellen (z.B. Telefonbuch, Webauftritte, Firmenbuch) auf Grundlage von Art 6 Abs 1 lit f DSGVO (und somit nicht direkt bei der betroffenen Person), wenn dies f\u00fcr unsere Leistungserbringung bzw. zur Kontaktaufnahme und Administration notwendig ist, worin auch unser berechtigtes Interesse liegt.<\/p>\n\n\n\n<h6 class=\"wp-block-heading\"><br><strong>3. Betrieb unseres Webauftritts<\/strong><\/h6>\n\n\n\n<p class=\"has-link-color wp-elements-f272dd431f4aee2371caee57010c8837\">Sie k\u00f6nnen unsere Website besuchen, ohne Angaben zu Ihrer Person zu machen. Bei jedem Aufruf einer Website speichert der Webserver lediglich automatisch ein sogenanntes Server-Logfile, das z.B. den Namen der angeforderten Datei, Ihre pseudonymisierte IP-Adresse, Datum und Uhrzeit des Abrufs, \u00fcbertragene Datenmenge und den anfragenden Provider (Zugriffsdaten) enth\u00e4lt und den Abruf dokumentiert. Bei jedem Zugriff auf unseren Webauftritt (<a href=\"https:\/\/www.aekwien.at\">https:\/\/www.aekwien.at<\/a>) \u00fcbermittelt Ihr Computer (Endger\u00e4t) bzw. Browser automatisiert bestimmte Informationen, um den Besuch bzw. den Betrieb der Website zu erm\u00f6glichen:<\/p>\n\n\n\n<p>\u2013 IP-Adresse<\/p>\n\n\n\n<p>\u2013 Datum und Uhrzeit der Anfrage<\/p>\n\n\n\n<p>\u2013 Zeitzonendifferenz zur Greenwich Mean Time (GMT)<\/p>\n\n\n\n<p>\u2013 Inhalt der Anforderung (abzurufende Seite\/Inhalt)<\/p>\n\n\n\n<p>\u2013 Zugriffsstatus\/HTTP(S)-Statuscode<\/p>\n\n\n\n<p>\u2013 Browser und Browserversion<\/p>\n\n\n\n<p>\u2013 Betriebssystem und dessen Oberfl\u00e4che<\/p>\n\n\n\n<p>Diese Daten werden in den Logfiles unseres Systems gespeichert. Eine Speicherung dieser Daten zusammen mit anderen personenbezogenen Daten des Nutzers findet nicht statt.<\/p>\n\n\n\n<p><br><em>Rechtsgrundlage und Zweck der Datenverarbeitung<\/em><\/p>\n\n\n\n<p>Rechtsgrundlage f\u00fcr die Verarbeitung der Daten und deren vor\u00fcbergehende Speicherung in Logfiles ist Art 6 Abs 1 lit f DSGVO. Die vor\u00fcbergehende Speicherung der angef\u00fchrten Daten durch das System ist notwendig, um eine Auslieferung der Website an den Rechner des Nutzers zu erm\u00f6glichen. Die Speicherung in Logfiles erfolgt, um die Funktionsf\u00e4higkeit der Website sicherzustellen. Zudem dienen uns die Daten zur Optimierung der Website und zur Sicherstellung der Sicherheit unserer informationstechnischen Systeme, insbesondere der Gew\u00e4hrleistung der Integrit\u00e4t, Vertraulichkeit und Verf\u00fcgbarkeit der Daten, die \u00fcber unseren Webauftritt verarbeitet werden. In diesen Zwecken liegt auch unser berechtigtes Interesse an der Datenverarbeitung nach Art 6 Abs 1 lit f DSGVO. Eine Speicherung dieser Daten zusammen mit anderen personenbezogenen Daten des Nutzers findet nicht statt.<\/p>\n\n\n\n<p><br><em>Dauer der Speicherung<\/em><\/p>\n\n\n\n<p>Die Daten werden gel\u00f6scht, sobald sie f\u00fcr die Erreichung des Zweckes ihrer Erhebung nicht mehr erforderlich sind. Bei der Erfassung der Daten zur Bereitstellung der Website ist dies dann der Fall, wenn die jeweilige Sitzung beendet ist. Bei der Speicherung der Daten in Logfiles ist dies nach sp\u00e4testens sieben Tagen der Fall, ausgenommen eine weitere Verarbeitung ist zur Aufkl\u00e4rung eines (vermuteten) Angriffs erforderlich. Personenbezogene Daten, die beim Betrieb der Website anfallen, werden von uns nur f\u00fcr den Fall eines (vermuteten) Datensicherheitsvorfalls oder einer strafbaren Handlung (z.B. eines Angriffs) zu Zwecken der Aufkl\u00e4rung, der Verfolgung sowie zur Geltendmachung von Rechtsanspr\u00fcchen an Dritte (insbesondere fachkundige Personen und Sicherheitsbeh\u00f6rden) \u00fcbermittelt.<\/p>\n\n\n\n<h6 class=\"wp-block-heading\"><br><strong>3.1. Verwendung von Cookies<\/strong><\/h6>\n\n\n\n<p>Unsere Webseite verwendet Cookies. Bei Cookies handelt es sich um Textdateien, die im Internetbrowser bzw. vom Internetbrowser auf dem Computersystem des Nutzers gespeichert werden. Ruft ein Nutzer eine Website auf, so kann ein Cookie auf dem System des Nutzers gespeichert werden. Dieses Cookie enth\u00e4lt eine charakteristische Zeichenfolge, die eine eindeutige Identifizierung des Browsers beim erneuten Aufrufen der Website erm\u00f6glicht.<\/p>\n\n\n\n<p><em>Welche Cookies kommen zum Einsatz<\/em>?<\/p>\n\n\n\n<p><br><strong>Session Management<\/strong><\/p>\n\n\n\n<p>In den von uns verwendeten \u201eSession-Cookies\u201c werden lediglich die oben erl\u00e4uterten Daten \u00fcber Ihre Nutzung der Website tempor\u00e4r gespeichert. Diese speichern eine sogenannte \u201eSession-ID\u201c, mit welcher sich verschiedene Anfragen Ihres Browsers einer gemeinsamen Sitzung zuordnen lassen. Die eingesetzten Session-Cookies sind technisch erforderlich und werden gel\u00f6scht, wenn Sie den Browser schlie\u00dfen. Diese Cookies dienen nicht zur Durchf\u00fchrung von \u201eTracking\u201c oder der Herstellung eines Personenbezugs.<\/p>\n\n\n\n<p><br>Im Detail kommen auf unserer Website folgende Cookies zum Einsatz:<\/p>\n\n\n\n<p>JSESSIONID<br>Das Cookie bleibt bis zum Ende der Sitzung gespeichert und wird mit Schlie\u00dfen des Browsers gel\u00f6scht.<\/p>\n\n\n\n<p><em>Liferay-Plattform:<\/em><\/p>\n\n\n\n<p>COOKIE_SUPPORT<br>Dieses Cookie wird bei Ankunft auf der Website gesetzt, um Spracheinstellungen zu speichern. Das Cookie bleibt bis zum Ende der Sitzung gespeichert und wird mit Schlie\u00dfen des Browsers gel\u00f6scht.<\/p>\n\n\n\n<p>GUEST_LANGUAGE_ID<br>Dieses Cookie wird bei Ankunft auf der Website gesetzt, um Spracheinstellungen zu speichern. <\/p>\n\n\n\n<p>LFR_SESSION_STATE_3462887<br>USER_UUID<br>COMPANY_ID<br>ID<br>Nur bei eingeloggten Usern. Diese Cookies bleiben&nbsp;bis zum Ende der Sitzung gespeichert und werden mit Schlie\u00dfen des Browsers gel\u00f6scht.<br><\/p>\n\n\n\n<p><br><em>Rechtsgrundlage und Zweck f\u00fcr die Datenverarbeitung zum Session Management<\/em><\/p>\n\n\n\n<p>Der Zweck der Verwendung technisch notwendiger Cookies ist, die Nutzung von Websites f\u00fcr die Nutzer zu vereinfachen. Einige Funktionen unserer Website k\u00f6nnen ohne den Einsatz von Cookies nicht angeboten werden. F\u00fcr diese ist es erforderlich, dass der Browser auch nach einem Seitenwechsel wiedererkannt wird.<\/p>\n\n\n\n<p>In diesem Zweck liegt auch unser berechtigtes Interesse in der Verarbeitung der personenbezogenen Daten nach Art 6 Abs 1 lit f DSGVO.<\/p>\n\n\n\n<h6 class=\"wp-block-heading\"><br><strong>Matomo<\/strong><\/h6>\n\n\n\n<p>_pk_id.5.22ca<br>_pk_ses.5.22ca<br><br>Standardm\u00e4\u00dfig werden die cookies _pk_ref \/ _pk_cvar \/ _pk_id \/ _pk_ses gesetzt.<br>Diese Cookies k\u00f6nnen sich je nach verwendeter Matomo-Version auch \u00e4ndern.<\/p>\n\n\n\n<p>Diese Cookies sammeln Informationen zur Nutzungsweise unserer Website durch die Nutzer. Wir erstellen mit diesen Informationen Reports und werten sie aus, um die Website zu verbessern. Die Cookies sammeln Informationen in anonymisierter Form, insbesondere wie viele Nutzer die Website besuchen, von welcher Website sie kommen und welche Seiten sie aufgerufen haben. Bitte klicken Sie <a href=\"https:\/\/matomo.org\/faq\/general\/faq_18254\/\" target=\"_blank\" rel=\"noreferrer noopener\">hier<\/a>&nbsp;f\u00fcr n\u00e4here Informationen.<\/p>\n\n\n\n<p>Die erhobenen Daten werden nicht dazu benutzt, Besucherinnen und Besucher dieser Website pers\u00f6nlich zu identifizieren und nicht mit personenbezogenen Daten \u00fcber die Tr\u00e4gerinnen und Tr\u00e4ger des Pseudonyms zusammengef\u00fchrt.&nbsp;Eine systematische und automatisierte Erfassung personenbezogener Nutzerdaten (\u201eProfiling&#8220;) erfolgt nicht.<\/p>\n\n\n\n<p><br><em>Dauer der Speicherung, Widerspruchs- und L\u00f6schungsm\u00f6glichkeit<\/em><\/p>\n\n\n\n<p class=\"has-link-color wp-elements-e90c1aa6909c19ef2fec573a0948517f\">Cookies werden auf dem Rechner des Nutzers gespeichert und von diesem an unserer Seite \u00fcbermittelt. Daher haben Sie als Nutzer auch die volle Kontrolle \u00fcber die Verwendung von Cookies. Durch eine \u00c4nderung der Einstellungen in Ihrem Internetbrowser k\u00f6nnen Sie die \u00dcbertragung von Cookies deaktivieren oder einschr\u00e4nken. Bereits gespeicherte Cookies k\u00f6nnen jederzeit gel\u00f6scht werden. Dies kann auch automatisiert erfolgen. Werden Cookies f\u00fcr unsere Website deaktiviert, k\u00f6nnen m\u00f6glicherweise nicht mehr alle Funktionen der Website vollumf\u00e4nglich genutzt werden. Die Website <a href=\"http:\/\/www.aboutcookies.org\/\" target=\"_blank\" rel=\"noreferrer noopener\">http:\/\/www.aboutcookies.org\/<\/a> bietet genaue Anleitungen zum Ausschalten von Cookies in diversen Browsern.<\/p>\n\n\n\n<h6 class=\"wp-block-heading\"><br><strong>3.4. Downloads<\/strong><\/h6>\n\n\n\n<p class=\"has-link-color wp-elements-14750b124470547074740cd231665212\">Nicht alle Dateien zum Herunterladen sind barrierefrei. Die \u00c4rztekammer f\u00fcr Wien arbeitet daran, das Angebot an barrierefreien PDF-Dateien zu erweitern. Sollten Inhalte aus Dokumenten f\u00fcr Sie nicht zug\u00e4nglich sein, wenden Sie sich diesbez\u00fcglich an die <a href=\"https:\/\/www.aekwien.at\/web\/wien\/pressestelle\" target=\"_blank\" rel=\"noreferrer noopener\">Pressestelle der \u00c4rztekammer f\u00fcr Wien<\/a>. Die \u00c4rztekammer f\u00fcr Wien wird sich bem\u00fchen, Ihnen die Inhalte auf einem anderen Weg zur Verf\u00fcgung zu stellen.&nbsp;&nbsp;&nbsp;<\/p>\n\n\n\n<h6 class=\"wp-block-heading\"><br><strong>3.5. Webseiten Dritter<\/strong><\/h6>\n\n\n\n<p>Unser Webauftritt enth\u00e4lt zum Teil (z.B. Veranstaltungshinweise) Hyperlinks zu und von Webseiten Dritter. Wenn Sie einem Hyperlink zu einer dieser Webseiten folgen, beachten Sie bitte, dass wir keine Verantwortung oder Gew\u00e4hr f\u00fcr fremde Inhalte oder Datenschutzbedingungen \u00fcbernehmen k\u00f6nnen.<\/p>\n\n\n\n<h6 class=\"wp-block-heading\"><br><strong>4. Leistungen zur Mitgliederbetreuung und Information in diesem Zusammenhang (Dienstleistungen sowie Verwaltung dieser Leistungen)<\/strong><\/h6>\n\n\n\n<p>Wir verarbeiten personenbezogene Daten zu Zwecken der Erbringung unserer Leistungen, der Mitgliederbetreuung und -information einschlie\u00dflich der internen Dokumentation und Administration. Rechtsgrundlagen f\u00fcr die Verarbeitung der Daten sind die Vertragserf\u00fcllung bzw. die Durchf\u00fchrung vorvertraglicher Ma\u00dfnahmen (Art 6 Abs 1 lit b DSGVO); die Erf\u00fcllung rechtlicher Verpflichtungen (Art 6 Abs 1 lit c DSGVO) sowie unsere berechtigten Interessen (Art 6 Abs 1 lit f DSGVO), insbesondere Interessen der Geltendmachung oder Verteidigung eigener Rechtsanspr\u00fcche sowie der internen Verwaltung im Unternehmen.<\/p>\n\n\n\n<h6 class=\"wp-block-heading\"><br><strong>5. Kontaktaufnahme<\/strong><\/h6>\n\n\n\n<p>Bei der Kontaktaufnahme mit uns (z.B. per Kontaktformular oder E-Mail) werden die darin gemachten Angaben des Anfragenden (Name, Kontaktdaten, sonstige Angaben) f\u00fcr die Dokumentation, Bearbeitung und Beantwortung der Anfrage verarbeitet. Wir bieten auf unserer Website ein Kontaktformular an. Die zwingend zur Beantwortung einer Anfrage erforderlichen Daten haben wir als Pflichtfelder gekennzeichnet. Die Angabe weiterer Daten ist freiwillig.<\/p>\n\n\n\n<p>Grundlage daf\u00fcr ist unser berechtigtes Interesse an der ordnungsgem\u00e4\u00dfen Dokumentation, Bearbeitung und Beantwortung der Anfrage (Art 6 Abs 1 lit f DSGVO); f\u00fcr den Fall einer Kontaktaufnahme in einem aufrechten Vertragsverh\u00e4ltnis oder der Anbahnung einer Gesch\u00e4ftsbeziehung st\u00fctzen wir uns auf die Vertragserf\u00fcllung bzw. die Durchf\u00fchrung vorvertraglicher Ma\u00dfnahmen (Art 6 Abs 1 lit b DSGVO).<\/p>\n\n\n\n<p>Sofern Sie zur Erf\u00fcllung Ihrer arbeits- oder zivilrechtlichen Pflichten als Mitarbeiter (Dienstnehmer) f\u00fcr Ihren Dienstgeber bzw. sonstigen Auftraggeber mit uns Kontakt aufnehmen, liegt unsererseits auch ein berechtigtes Interesse an der ordnungsgem\u00e4\u00dfen Dokumentation, Bearbeitung und Beantwortung der Anfrage (Art 6 Abs 1 lit f DSGVO) vor, die auch Ihre Daten als externer Ansprechpartner umfasst; f\u00fcr den Fall einer Kontaktaufnahme in einem aufrechten Kundenverh\u00e4ltnis oder der Anbahnung einer Gesch\u00e4ftsbeziehung st\u00fctzen wir uns auf die Vertragserf\u00fcllung bzw. die Durchf\u00fchrung vorvertraglicher Ma\u00dfnahmen (Art 6 Abs 1 lit b DSGVO).<\/p>\n\n\n\n<h6 class=\"wp-block-heading\"><br><strong>7. \u00dcbermittlung personenbezogener Daten<\/strong><\/h6>\n\n\n\n<p>Wir \u00fcbermitteln Ihre personenbezogenen Daten nur soweit dies erforderlich ist und nur in den folgenden F\u00e4llen:<\/p>\n\n\n\n<ul class=\"wp-block-list\">\n<li>mit Ihrer Einwilligung;<\/li>\n\n\n\n<li>f\u00fcr die Abwicklung von Vertragsverh\u00e4ltnissen bzw. zur Durchf\u00fchrung vorvertraglicher Ma\u00dfnahmen;<\/li>\n\n\n\n<li>soweit wir dazu gesetzlich verpflichtet sind;<\/li>\n\n\n\n<li>an Unternehmen, die uns bei der Bereitstellung unserer Dienste unterst\u00fctzen; diese Diensteanbieter werden als Auftragsverarbeiter t\u00e4tig, welche die Daten nur nach unseren Weisungen (im Rahmen eines Auftragsverarbeitungsvertrags) verarbeiten d\u00fcrfen;<\/li>\n\n\n\n<li>soweit dies zur Wahrung unserer berechtigten Interessen (z.B. zur Geltendmachung, Aus\u00fcbung oder Verteidigung von Rechtsanspr\u00fcchen) oder eines Dritten erforderlich ist und kein Grund zur Annahme besteht, dass Sie ein \u00fcberwiegendes schutzw\u00fcrdiges Interesse an der Nichtweitergabe Ihrer Daten haben.<\/li>\n<\/ul>\n\n\n\n<p>In Frage kommen in den oben genannten F\u00e4llen dabei folgende Dritte: Vertrags- und Gesch\u00e4ftspartner, die an der Leistung mitwirken (z.B. Logistikunternehmen), Banken (zur Abwicklung des Zahlungsverkehrs), Rechtsvertreter, Gerichte, Wirtschaftstreuh\u00e4nder\/ Steuerberater, Verwaltungsbeh\u00f6rden, Selbstverwaltungsk\u00f6rper (Sozialversicherungstr\u00e4ger), Versicherungen.<\/p>\n\n\n\n<p>Grunds\u00e4tzlich beabsichtigt die \u00c4rztekammer Wien nicht, personenbezogene Daten an Empf\u00e4nger in Drittl\u00e4ndern oder internationale Organisationen zu \u00fcbermitteln. Eine solche \u00dcbermittlung ist m\u00f6glich, wenn eine betroffene Person bzw. ein im konkreten Fall Beteiligter seinen Sitz in einem Drittland hat (z.B. im Fall eines Kunden mit Hauptsitz au\u00dferhalb der EU). Wenn wir Daten in ein Land ohne angemessenen gesetzlichen Datenschutz \u00fcbermitteln, sorgen wir durch den Einsatz geeigneter Garantien in der Form entsprechender Vertr\u00e4ge (Standardvertragsklauseln) bzw. verbindlicher interner Datenschutzvorschriften (Binding Corporate Rules) f\u00fcr ein angemessenes Schutzniveau oder st\u00fctzen uns auf die in der DSGVO sonst vorgesehenen Ausnahmetatbest\u00e4nde (Einwilligung, der Vertragsabwicklung, der Feststellung, Aus\u00fcbung oder Durchsetzung von Rechtsanspr\u00fcchen, \u00fcberwiegender \u00f6ffentlicher Interessen, der ver\u00f6ffentlichten Personendaten oder weil es zum Schutz der Unversehrtheit der betroffenen Personen n\u00f6tig ist). F\u00fcr eine Kopie der erw\u00e4hnten vertraglichen Garantie kontaktieren Sie uns unter den angegeben Kontaktdaten.<\/p>\n\n\n\n<h6 class=\"wp-block-heading\"><br><strong>8.&nbsp;Dauer der Speicherung personenbezogener Daten<\/strong><\/h6>\n\n\n\n<p>Soweit bei der jeweiligen Verarbeitung nicht N\u00e4heres angef\u00fchrt ist, speichern wir personenbezogene Daten grunds\u00e4tzlich so lange, wie es erforderlich ist, um die Erf\u00fcllung der genannten Zwecke sicherzustellen bzw. solange wir dazu gesetzlich verpflichtet sind.<\/p>\n\n\n\n<p>Das hei\u00dft bei Gesch\u00e4ftsbriefen, Vertr\u00e4gen, Buchungen etc. gem. \u00a7 212 Abs 1 UGB und \u00a7 132 Abs 1 BAO: Bis zur Beendigung der Gesch\u00e4ftsbeziehung oder bis zum Ablauf der f\u00fcr uns geltenden Verj\u00e4hrungs- und gesetzlichen Aufbewahrungsfristen (insbesondere mindestens 7 Jahre zum Nachweis der Erf\u00fcllung steuer-, abgaben- und unternehmensrechtlichen Aufbewahrungspflichten); dar\u00fcber hinaus bis zur Beendigung von allf\u00e4lligen Rechtsstreitigkeiten, bei denen die Daten als Beweis ben\u00f6tigt werden. Bei Leistungen, bei denen Forderungen aus Schadenersatz oder aus anderen Titeln geltend gemacht werden, f\u00fcr die erforderliche Dauer (zwischen 3 und 30 Jahren).<\/p>\n\n\n\n<p>Bei Anfragen (Kontaktaufnahme): Personenbezogene Daten, die Sie uns freiwillig bekannt geben, werden von uns zweckgebunden f\u00fcr die Erbringung der damit verbundenen Bearbeitung und Evidenthaltung gespeichert (bis zu 3 Jahre nach Beendigung), ausgenommen eine l\u00e4ngere Speicherdauer ist dar\u00fcber hinaus f\u00fcr Zwecke der Erf\u00fcllung einer gesetzlichen Verpflichtung oder f\u00fcr die Geltendmachung bzw. Abwehr von Rechtsanspr\u00fcchen erforderlich.<\/p>\n\n\n\n<h6 class=\"wp-block-heading\"><br><strong>9.&nbsp;Rechte der betroffenen Person<\/strong><\/h6>\n\n\n\n<p>Sofern die jeweiligen gesetzlich vorgegebenen Voraussetzungen vorliegen, k\u00f6nnen Sie die folgenden Betroffenenrechte geltend machen:<\/p>\n\n\n\n<ul class=\"wp-block-list\">\n<li>Recht auf Auskunft: Sie k\u00f6nnen eine Best\u00e4tigung dar\u00fcber verlangen, ob personenbezogene Daten von Ihnen verarbeitet werden und Auskunft \u00fcber diese Daten und die Informationen gem\u00e4\u00df Art 15 DSGVO verlangen.<\/li>\n\n\n\n<li>Recht auf Berichtigung, wenn wir unrichtige oder unvollst\u00e4ndige Daten \u00fcber Sie verarbeiten (Art 16 DSGVO).<\/li>\n\n\n\n<li>Recht auf L\u00f6schung Sie betreffender personenbezogener Daten, wenn die Voraussetzungen des Art 17 DSGVO vorliegen.<\/li>\n\n\n\n<li>Recht auf Einschr\u00e4nkung der Verarbeitung Ihrer Daten (Art 18 DSGVO).<\/li>\n\n\n\n<li>Recht auf Daten\u00fcbertragbarkeit Ihrer uns bereitgestellten Daten, sofern die Verarbeitung auf einer Einwilligung (Art 6 Abs 1 lit a) oder auf einem Vertrag (Art 6 Abs 1 lit b) beruht, dessen Vertragspartei Sie sind und die Verarbeitung mithilfe automatisierter Verfahren erfolgt (Art 20 DSGVO).<\/li>\n\n\n\n<li>Bei Verarbeitungen, die auf Grundlage berechtigter Interessen (gem\u00e4\u00df Art 6 Abs 1 lit f DSGVO) verarbeitet werden, haben Sie das Recht, gem\u00e4\u00df Art 21 DSGVO Widerspruch gegen die Verarbeitung Ihrer personenbezogenen Daten einzulegen, soweit daf\u00fcr Gr\u00fcnde vorliegen, die sich aus Ihrer besonderen Situation ergeben. Bei Verarbeitungen zum Zweck der Direktwerbung besteht dieses Recht ohne Einschr\u00e4nkungen.<\/li>\n\n\n\n<li>Sie k\u00f6nnen erteilte Einwilligungen in die Verarbeitung personenbezogener Daten jederzeit widerrufen, bitte wenden Sie sich an uns (siehe unsere Kontaktdaten). Durch den Widerruf der Einwilligung wird die Rechtm\u00e4\u00dfigkeit der aufgrund der Einwilligung bis zum Widerruf erfolgten Verarbeitung nicht ber\u00fchrt.<\/li>\n\n\n\n<li class=\"has-link-color wp-elements-bf228f8c04e43b2f4e90af6188b99385\">Beschwerderecht: Sie haben das Recht auf Beschwerde bei einer f\u00fcr Sie zust\u00e4ndigen Aufsichtsbeh\u00f6rde (in \u00d6sterreich: Datenschutzbeh\u00f6rde, <a href=\"http:\/\/www.dsb.gv.at\" data-type=\"link\" data-id=\"www.dsb.gv.at\">www.dsb.gv.at<\/a>) wenn Sie der Ansicht sind, dass die Verarbeitung der Sie betreffenden personenbezogenen Daten gegen die DSGVO verst\u00f6\u00dft oder Ihre Betroffenenrechte verletzt wurden. Wir ersuchen Sie, in F\u00e4llen, in denen Sie mit unserer Arbeit nicht vollst\u00e4ndig zufrieden waren, zun\u00e4chst mit uns Kontakt aufzunehmen, damit wir eine M\u00f6glichkeit erhalten, etwaige Fehler beheben zu k\u00f6nnen.<\/li>\n<\/ul>\n\n\n\n<h6 class=\"wp-block-heading\"><br><strong>10. \u00c4nderungen unserer Datenschutzerkl\u00e4rung<\/strong><\/h6>\n\n\n\n<p class=\"has-link-color wp-elements-221c445bba1314a1cdbef58e4e23b88b\">Wir halten unsere Datenschutzerkl\u00e4rung stets aktuell und passen diese daher an, wenn dies erforderlich ist. Die jeweils aktuelle Fassung unserer Datenschutzerkl\u00e4rung ist unter <a href=\"https:\/\/www.aekwien.at\/datenschutz\">https:\/\/www.aekwien.at\/datenschutz<\/a>&nbsp;abrufbar.<\/p>\n","protected":false},"excerpt":{"rendered":"<p>IMPRESSUM Rechtshinweis \u2013 Privacy Medieninhaber und Herausgeber&nbsp; \u00c4rztekammer f\u00fcr WienK\u00f6rperschaft des \u00f6ffentlichen RechtsA-1010 Wien, Weihburggasse 10-12 Tel.: +43 1 51501-0Fax: +43 1 51501-1209E-Mail:&nbsp;aekwien@aekwien.at Vertreten durch\u00c4rztekammer f\u00fcr Wien\u2028K\u00f6rperschaft des \u00f6ffentlichen Rechts Vertreten durchPr\u00e4sident OMR Dr. Johannes SteinhartE-Mail: steinhart@aekwien.at Aufsichtsbeh\u00f6rde\u2028Die \u00c4rztekammer f\u00fcr Wien unterliegt der Aufsicht des Landes Wien Allgemeines Durch den Besuch der Web-Site der \u00c4rztekammer [&hellip;]<\/p>\n","protected":false},"author":1,"featured_media":0,"parent":0,"menu_order":0,"comment_status":"closed","ping_status":"closed","template":"","meta":{"_acf_changed":false,"footnotes":""},"class_list":["post-20","page","type-page","status-publish","hentry"],"acf":[],"_links":{"self":[{"href":"https:\/\/wahrnehmungsbericht.aekwien.at\/2024\/wp-json\/wp\/v2\/pages\/20","targetHints":{"allow":["GET"]}}],"collection":[{"href":"https:\/\/wahrnehmungsbericht.aekwien.at\/2024\/wp-json\/wp\/v2\/pages"}],"about":[{"href":"https:\/\/wahrnehmungsbericht.aekwien.at\/2024\/wp-json\/wp\/v2\/types\/page"}],"author":[{"embeddable":true,"href":"https:\/\/wahrnehmungsbericht.aekwien.at\/2024\/wp-json\/wp\/v2\/users\/1"}],"replies":[{"embeddable":true,"href":"https:\/\/wahrnehmungsbericht.aekwien.at\/2024\/wp-json\/wp\/v2\/comments?post=20"}],"version-history":[{"count":10,"href":"https:\/\/wahrnehmungsbericht.aekwien.at\/2024\/wp-json\/wp\/v2\/pages\/20\/revisions"}],"predecessor-version":[{"id":1931,"href":"https:\/\/wahrnehmungsbericht.aekwien.at\/2024\/wp-json\/wp\/v2\/pages\/20\/revisions\/1931"}],"wp:attachment":[{"href":"https:\/\/wahrnehmungsbericht.aekwien.at\/2024\/wp-json\/wp\/v2\/media?parent=20"}],"curies":[{"name":"wp","href":"https:\/\/api.w.org\/{rel}","templated":true}]}}